{"id":109,"date":"2017-07-06T15:30:56","date_gmt":"2017-07-06T13:30:56","guid":{"rendered":"http:\/\/action-allaitement67.fr\/?page_id=109"},"modified":"2018-03-14T20:34:31","modified_gmt":"2018-03-14T19:34:31","slug":"f-a-q","status":"publish","type":"page","link":"https:\/\/action-allaitement67.fr\/?page_id=109","title":{"rendered":"F.A.Q"},"content":{"rendered":"<p><iframe loading=\"lazy\" src=\"https:\/\/www.youtube.com\/embed\/Zvqna2eEDlA\" width=\"560\" height=\"315\" frameborder=\"0\" allowfullscreen=\"allowfullscreen\"><\/iframe><\/p>\n<table class=\"TableNormal\" border=\"0\" width=\"591\" cellspacing=\"0\" cellpadding=\"0\">\n<tbody>\n<tr style=\"height: 61.75pt;\">\n<td style=\"width: 443pt; background-color: #fefefe; height: 61.75pt; padding: 4pt;\" valign=\"top\" width=\"591\">\n<h2>Quand pourrai-je donner la premi\u00e8re t\u00e9t\u00e9e ?<\/h2>\n<p class=\"Styledetableau1\">D\u00e8s la naissance !<\/p>\n<p class=\"Styledetableau1\" style=\"text-align: right;\" align=\"right\"><i>Pour en savoir plus sur le r\u00e9flexe de fouissement, <a href=\"http:\/\/action-allaitement67.fr\/diapo14.htm\" target=\"_blank\" rel=\"noopener\">cliquer ici<\/a><\/i><\/p>\n<p class=\"Styledetableau1\" style=\"text-align: right;\" align=\"right\"><i>Pour en savoir plus sur le colostrum, <a href=\"http:\/\/action-allaitement67.fr\/diapo12a.htm\" target=\"_blank\" rel=\"noopener\">cliquez ici <\/a><\/i><\/p>\n<p class=\"Styledetableau1\" style=\"text-align: right;\" align=\"right\"><span style=\"color: #ff2600;\">\u00a0<\/span><\/p>\n<\/td>\n<\/tr>\n<tr style=\"height: 61pt;\">\n<td style=\"width: 443pt; background-color: #fefefe; height: 61pt; padding: 4pt;\" valign=\"top\" width=\"591\">\n<h2>Est-ce que je pourrai allaiter mon b\u00e9b\u00e9 m\u00eame si j\u2019ai une anesth\u00e9<span lang=\"DE\">sie (p<\/span>\u00e9ridurale ou c\u00e9sarienne) ?<\/h2>\n<p class=\"Styledetableau1\">Quel que soit le mode d\u2019anesth\u00e9sie, le plus important est que le b\u00e9b\u00e9 rencontre sa m\u00e8re le plus vite possible.<\/p>\n<p class=\"Styledetableau1\" style=\"margin-left: 94.9pt; text-align: right;\" align=\"right\"><i>Pour en savoir plus, <a href=\"http:\/\/action-allaitement67.fr\/diapo16.htm\" target=\"_blank\" rel=\"noopener\">cliquez ici <\/a><\/i><\/p>\n<\/td>\n<\/tr>\n<tr style=\"height: 61pt;\">\n<td style=\"width: 443pt; background-color: #fefefe; height: 61pt; padding: 4pt;\" valign=\"top\" width=\"591\">\n<h2>Comment m\u2019installer pour la premi\u00e8re t\u00e9t\u00e9e?<\/h2>\n<p class=\"Styledetableau1\">Plusieurs positions sont possibles : assise, couch\u00e9e, t\u00eate b\u00ea<span lang=\"DE\">che<\/span>, avec b\u00e9b\u00e9 en position de ballon de rugby, etc<\/p>\n<p class=\"Styledetableau1\" style=\"text-align: right;\" align=\"right\"><i>Pour en savoir plus sur le r\u00e9flexe d\u2019orientation, <a href=\"http:\/\/action-allaitement67.fr\/diapo22.htm\" target=\"_blank\" rel=\"noopener\">cliquez ici <\/a><\/i><\/p>\n<p class=\"Styledetableau1\" style=\"text-align: right;\" align=\"right\"><i>Pour en savoir plus sur la position couch\u00e9e, <a href=\"http:\/\/action-allaitement67.fr\/diapo23.htm\" target=\"_blank\" rel=\"noopener\">cliquez ici <\/a><\/i><\/p>\n<\/td>\n<\/tr>\n<tr style=\"height: 145.75pt;\">\n<td style=\"width: 443pt; background-color: #fefefe; height: 145.75pt; padding: 4pt;\" valign=\"top\" width=\"591\">\n<h2>Comment m\u2019assurer que mon b\u00e9b\u00e9 t\u00e8te bien ?<\/h2>\n<p class=\"Styledetableau1\" style=\"margin-left: 10.9pt; text-indent: -10.9pt;\">&#8211;\u00a0\u00a0\u00a0\u00a0Il doit produire deux sons : \u00ab\u00a0slurp slurp\u00a0\u00bb (mouvements des m\u00e2choires du b\u00e9b\u00e9)\u00a0 et \u00ab\u00a0glou glou\u00a0\u00bb (bruits accompagnant la d\u00e9glutition)<\/p>\n<p class=\"Styledetableau1\" style=\"margin-left: 10.9pt; text-indent: -10.9pt;\">&#8211;\u00a0\u00a0\u00a0\u00a0Il doit avoir en bouche l\u2019ar\u00e9ole et le mamelon<\/p>\n<p class=\"Styledetableau1\" style=\"text-align: right;\" align=\"right\"><i>Pour visualiser le sch\u00e9ma d\u2019une bonne position au sein, <a href=\"http:\/\/action-allaitement67.fr\/diapo10.htm\">cliquez ici <\/a><\/i><\/p>\n<p class=\"Styledetableau1\" style=\"text-align: right;\" align=\"right\"><i>Pour visualiser le cycle complet d\u2019un enfant qui t\u00e8te bien, <a href=\"http:\/\/action-allaitement67.fr\/diapo9.htm\">cliquez ici <\/a><\/i><\/p>\n<p class=\"Styledetableau1\">Par cons\u00e9quent, comment ne pas perturber la succion de mon b\u00e9b\u00e9 ?<\/p>\n<p class=\"Styledetableau1\">= Pourquoi faut-il \u00e9viter \u2026.<\/p>\n<p class=\"Styledetableau1\" style=\"margin-left: 10.9pt; text-align: right; text-indent: -10.9pt;\" align=\"right\">&#8211;\u00a0\u00a0\u00a0\u00a0les t\u00e9terelles ?\u00a0<a href=\"http:\/\/action-allaitement67.fr\/diapo2.htm\"><i>Cliquez ici <\/i><\/a><\/p>\n<p class=\"Styledetableau1\" style=\"margin-left: 10.9pt; text-align: right; text-indent: -10.9pt;\" align=\"right\">&#8211;\u00a0\u00a0\u00a0\u00a0le d\u00e9capage des seins?\u00a0<a href=\"http:\/\/action-allaitement67.fr\/diapo28.htm\"><i>Cliquez ici <\/i><\/a><\/p>\n<p class=\"Styledetableau1\" style=\"margin-left: 10.9pt; text-align: right; text-indent: -10.9pt;\" align=\"right\">&#8211;\u00a0\u00a0\u00a0\u00a0les t\u00e9tines (\u00ab\u00a0sucettes\u00a0\u00bb \u00ab\u00a0totottes\u00a0\u00bb etc\u00a0) et les biberons ?\u00a0<a href=\"http:\/\/action-allaitement67.fr\/diapo11.htm\"><i>Cliquez ici <\/i><\/a><\/p>\n<\/td>\n<\/tr>\n<tr style=\"height: 64pt;\">\n<td style=\"width: 443pt; background-color: #fefefe; height: 64pt; padding: 4pt;\" valign=\"top\" width=\"591\">\n<h2><span lang=\"IT\">A quelle fr<\/span>\u00e9quence allaiter mon b\u00e9b\u00e9\u00a0<span lang=\"RU\">?<\/span><\/h2>\n<p class=\"Styledetableau1\">D\u00e8s le d\u00e9but, \u00e0 la demande, jour et nuit !<\/p>\n<p class=\"Styledetableau1\">Faites-vous confiance et faites confiance \u00e0 votre b\u00e9b\u00e9 !<\/p>\n<p class=\"Styledetableau1\" style=\"text-align: right;\" align=\"right\"><i>Pour expliquer pourquoi ces t\u00e9t\u00e9es fr\u00e9quentes sont n\u00e9cessaires, <a href=\"http:\/\/action-allaitement67.fr\/diapo25.htm\">cliquez ici<\/a><\/i><\/p>\n<p class=\"Styledetableau1\" style=\"text-align: right;\" align=\"right\"><i>Pour savoir en quoi la cohabitation m\u00e8re-enfant favorise l\u2019allaitement, <a href=\"http:\/\/action-allaitement67.fr\/diapo21.htm\">cliquez <\/a><\/i><\/p>\n<\/td>\n<\/tr>\n<tr style=\"height: 352pt;\">\n<td style=\"width: 443pt; background-color: #fefefe; height: 352pt; padding: 4pt;\" valign=\"top\" width=\"591\">\n<h2>Comment \u00eatre s\u00fbr(e) que mon b\u00e9b\u00e9 se nourrit bien?<\/h2>\n<p class=\"Styledetableau1\">Le lait maternel \u00e9volue au cours de la t\u00e9t\u00e9e, au cours de la journ\u00e9e et au fil des mois.<\/p>\n<p class=\"Styledetableau1\" style=\"text-align: right;\" align=\"right\"><i>Pour en savoir plus, <a href=\"http:\/\/action-allaitement67.fr\/diapo12b.htm\">cliquez ici <\/a><\/i><\/p>\n<p class=\"Styledetableau1\" style=\"text-align: right;\" align=\"right\"><i><\/i><i><br \/>\n<\/i><\/p>\n<h2>Dois-je donner un sein \u00e0 tour de r\u00f4le ou les deux \u00e0 chaque fois ?<\/h2>\n<p class=\"Styledetableau1\">L\u2019important est donc de respecter un cycle complet de production du lait.<\/p>\n<p class=\"Styledetableau1\" style=\"text-align: right;\" align=\"right\"><i>Pour en savoir plus, <a href=\"http:\/\/action-allaitement67.fr\/diapo12c.htm\">cliquez ici <\/a><\/i><\/p>\n<p class=\"Styledetableau1\" style=\"text-align: right;\" align=\"right\"><i><\/i><i><br \/>\n<\/i><\/p>\n<p class=\"Styledetableau1\"><u>Quelques pistes :<\/u><\/p>\n<p class=\"Styledetableau1\" style=\"margin-left: 10.9pt; text-indent: -10.9pt;\">&#8211;\u00a0\u00a0\u00a0\u00a0Plus souvent votre b\u00e9b\u00e9 t\u00e9tera, plus vous aurez de lait. Moins votre b\u00e9b\u00e9 t\u00e9tera, moins vous aurez de lait \u2026 Allaitez donc \u00e0 la demande, vous ne risquez pas de gaver votre b\u00e9b\u00e9 !<\/p>\n<p class=\"Styledetableau1\" style=\"margin-left: 10.9pt; text-indent: -10.9pt;\">&#8211;\u00a0\u00a0\u00a0\u00a0Votre b\u00e9b\u00e9 a 3 semaines pour reprendre son poids de naissance !<\/p>\n<p class=\"Styledetableau1\" style=\"margin-left: 10.9pt; text-indent: -10.9pt;\">&#8211;\u00a0\u00a0\u00a0\u00a0Si vos seins vous semblent mous, cela ne veut pas dire que vous n\u2019avez plus de lait !<\/p>\n<p class=\"Styledetableau1\" style=\"margin-left: 10.9pt; text-indent: -10.9pt;\">&#8211;\u00a0\u00a0\u00a0\u00a0Un b\u00e9b\u00e9 peut pleurer pour d\u2019autres raisons que parce qu\u2019il a faim !<\/p>\n<p>&nbsp;<\/p>\n<p class=\"Styledetableau1\"><u>Quelques rep\u00e8res objectifs ;<\/u><\/p>\n<p class=\"Styledetableau1\" style=\"margin-left: 10.9pt; text-indent: -10.9pt;\">&#8211;\u00a0\u00a0\u00a0\u00a0Apr\u00e8s la mont\u00e9e de lait, vers le 3\u00e8me ou 4\u00e8me jour, votre b\u00e9b\u00e9 boit suffisamment s\u2019il mouille au moins 5 \u00e0 6 couches jetables par 24 heures (ou 6 \u00e0 8 couches en tissu)<\/p>\n<p class=\"Styledetableau1\" style=\"margin-left: 10.9pt; text-indent: -10.9pt;\">&#8211;\u00a0\u00a0\u00a0\u00a0Pendant les 6 premi\u00e8res semaines, votre b\u00e9b\u00e9 re\u00e7oit assez de calories s\u2019il a deux \u00e0 cinq selles par 24 heures.<\/p>\n<p class=\"Styledetableau1\" style=\"margin-left: 10.9pt; text-indent: -10.9pt;\">&#8211;\u00a0\u00a0\u00a0\u00a0Quand votre b\u00e9b\u00e9 a plus de six semaines, il est normal que les selles soient moins fr\u00e9quentes (\u00e0 condition qu\u2019elles ne soient ni dures ni s\u00e8ches)<\/p>\n<p><u>\u00a0<\/u><\/p>\n<p class=\"Styledetableau1\"><u>Les paliers de croissance;<\/u><\/p>\n<p class=\"Styledetableau1\">Vers 2-3 semaines, vers 6 semaines et vers 3 mois, les besoins du b\u00e9b\u00e9 augmentent : ce n\u2019est pas vous qui avez moins de lait, c\u2019est lui qui a besoin de plus.<\/p>\n<p class=\"Styledetableau1\">Il suffit donc d\u2019allaiter davantage lors de ces paliers, pendant lesquels votre lactation sera stimul\u00e9e plus efficacement par des t\u00e9t\u00e9es courtes et fr\u00e9quentes que par des t\u00e9t\u00e9es plus espac\u00e9es et plus longues. Au bout de quelques jours, tout rentre dans l\u2019ordre \u2026<\/p>\n<\/td>\n<\/tr>\n<tr style=\"height: 51.25pt;\">\n<td style=\"width: 443pt; background-color: #fefefe; height: 51.25pt; padding: 4pt;\" valign=\"top\" width=\"591\">\n<h2>Est-ce que je peux manger de tout ?<\/h2>\n<p class=\"Styledetableau1\">Oui ! Conservez une alimentation \u00e9quilibr\u00e9e et vari\u00e9e.<\/p>\n<p class=\"Styledetableau1\">Tout aliment que vous mangez parfume votre lait \u2026<\/p>\n<p class=\"Styledetableau1\" style=\"text-align: right;\" align=\"right\"><i>Pour en savoir plus sur l\u2019alimentation de la m\u00e8re, <a href=\"http:\/\/action-allaitement67.fr\/diapo30.htm\">cliquez ici <\/a><\/i><\/p>\n<\/td>\n<\/tr>\n<tr style=\"height: 73.75pt;\">\n<td style=\"width: 443pt; background-color: #fefefe; height: 73.75pt; padding: 4pt;\" valign=\"top\" width=\"591\">\n<h2>Quelle place donner au papa?<\/h2>\n<p class=\"Styledetableau1\">Certes le papa n\u2019allaite pas, mais il a toute sa place dans le trio d\u2019allaitement : sa pr\u00e9sence est primordiale, son soutien est essentiel.<\/p>\n<p class=\"Styledetableau1\">Il peut rassurer, c\u00e2liner, relayer la maman dans les t\u00e2ches domestiques, changer l\u2019enfant, le baigner, le porter, jouer avec lui \u2026<\/p>\n<p class=\"Styledetableau1\" style=\"text-align: right;\" align=\"right\"><i>A propos du retour \u00e0 la maison, <a href=\"http:\/\/action-allaitement67.fr\/diapo31.htm\">cliquez ici <\/a><\/i><\/p>\n<\/td>\n<\/tr>\n<tr style=\"height: 61.4pt;\">\n<td style=\"width: 443pt; background-color: #fefefe; height: 61.4pt; padding: 4pt;\" valign=\"top\" width=\"591\">\n<h2>Combien de temps allaiter ?<\/h2>\n<p class=\"Styledetableau1\">Aussi longtemps que vous et votre b\u00e9b\u00e9 le d\u00e9sirez !<\/p>\n<p class=\"Styledetableau1\">Un rep\u00e8re : l\u2019OMS recommande d\u2019allaiter exclusivement pendant 6 mois, puis, avec l\u2019introduction d\u2019autres aliments, jusqu\u2019\u00e0 deux ans.<\/p>\n<p class=\"Styledetableau1\" style=\"text-align: right;\" align=\"right\"><i>Pour en savoir plus, <a href=\"http:\/\/action-allaitement67.fr\/diapo26.htm\">cliquez ici <\/a><\/i><\/p>\n<\/td>\n<\/tr>\n<tr style=\"height: 38.15pt;\">\n<td style=\"width: 443pt; background-color: #fefefe; height: 38.15pt; padding: 4pt;\" valign=\"top\" width=\"591\">\n<h2>Je reprends le travail, comment faire ?<\/h2>\n<p class=\"Styledetableau1\">La reprise du travail est tout-\u00e0-fait compatible avec la poursuite de l\u2019allaitement.<\/p>\n<p class=\"Styledetableau1\" style=\"text-align: right;\" align=\"right\"><i>Pour en savoir plus, <a href=\"http:\/\/action-allaitement67.fr\/diapo35.htm\">cliquez ici <\/a><\/i><\/p>\n<\/td>\n<\/tr>\n<tr style=\"height: 40pt;\">\n<td style=\"width: 443pt; background-color: #fefefe; height: 40pt; padding: 4pt;\" valign=\"top\" width=\"591\">\n<h2>Comment tirer mon lait ?<\/h2>\n<p class=\"Styledetableau1\" style=\"text-align: right;\" align=\"right\"><i>Pour utiliser un tire-lait, <a href=\"http:\/\/action-allaitement67.fr\/diapo18.htm\">cliquez ici <\/a><\/i><\/p>\n<p class=\"Styledetableau1\" style=\"text-align: right;\" align=\"right\"><i>Pour exprimer votre lait manuellement, <a href=\"http:\/\/action-allaitement67.fr\/diapo19.htm\">cliquez ici <\/a><\/i><\/p>\n<\/td>\n<\/tr>\n<tr style=\"height: 289.5pt;\">\n<td style=\"width: 443pt; background-color: #fefefe; height: 289.5pt; padding: 4pt;\" valign=\"top\" width=\"591\">\n<h2>Comment conserver mon lait ?<\/h2>\n<p class=\"Styledetableau1\">Le lait humain n\u2019a pas\u00a0<u>l\u2019apparence<\/u>\u00a0du lait de vache : il n\u2019est pas homog\u00e9n\u00e9is\u00e9 et se s\u00e9pare en diff\u00e9rentes couches, la cr\u00e8me au dessus \u2026 , il peut \u00eatre color\u00e9 (bleu, jaune, brun \u2026)<\/p>\n<p>&nbsp;<\/p>\n<p style=\"text-align: right;\"><em>Pour savoir combien de temps on peut conserver le lait, <a href=\"http:\/\/action-allaitement67.fr\/?page_id=435\">cliquez ici<\/a><\/em><\/p>\n<p style=\"text-align: right;\"><em>Pour savoir quel r\u00e9cipient utiliser, <a href=\"http:\/\/action-allaitement67.fr\/?page_id=438\">cliquez ici<\/a><\/em><\/p>\n<\/td>\n<\/tr>\n<\/tbody>\n<\/table>\n<p style=\"text-align: left;\">\n","protected":false},"excerpt":{"rendered":"<p>Quand pourrai-je donner la premi\u00e8re t\u00e9t\u00e9e ? D\u00e8s la naissance ! Pour en savoir plus sur le r\u00e9flexe de fouissement, cliquer ici Pour en savoir plus sur le colostrum, cliquez ici \u00a0 Est-ce que je pourrai allaiter mon b\u00e9b\u00e9 m\u00eame si j\u2019ai une anesth\u00e9sie (p\u00e9ridurale ou c\u00e9sarienne) ? Quel que soit le mode d\u2019anesth\u00e9sie, le [&hellip;]<\/p>\n","protected":false},"author":1,"featured_media":0,"parent":0,"menu_order":9,"comment_status":"closed","ping_status":"closed","template":"","meta":{"footnotes":""},"_links":{"self":[{"href":"https:\/\/action-allaitement67.fr\/index.php?rest_route=\/wp\/v2\/pages\/109"}],"collection":[{"href":"https:\/\/action-allaitement67.fr\/index.php?rest_route=\/wp\/v2\/pages"}],"about":[{"href":"https:\/\/action-allaitement67.fr\/index.php?rest_route=\/wp\/v2\/types\/page"}],"author":[{"embeddable":true,"href":"https:\/\/action-allaitement67.fr\/index.php?rest_route=\/wp\/v2\/users\/1"}],"replies":[{"embeddable":true,"href":"https:\/\/action-allaitement67.fr\/index.php?rest_route=%2Fwp%2Fv2%2Fcomments&post=109"}],"version-history":[{"count":7,"href":"https:\/\/action-allaitement67.fr\/index.php?rest_route=\/wp\/v2\/pages\/109\/revisions"}],"predecessor-version":[{"id":441,"href":"https:\/\/action-allaitement67.fr\/index.php?rest_route=\/wp\/v2\/pages\/109\/revisions\/441"}],"wp:attachment":[{"href":"https:\/\/action-allaitement67.fr\/index.php?rest_route=%2Fwp%2Fv2%2Fmedia&parent=109"}],"curies":[{"name":"wp","href":"https:\/\/api.w.org\/{rel}","templated":true}]}}