{"id":106,"date":"2017-07-06T15:30:53","date_gmt":"2017-07-06T13:30:53","guid":{"rendered":"http:\/\/action-allaitement67.fr\/?page_id=106"},"modified":"2018-07-18T16:04:29","modified_gmt":"2018-07-18T14:04:29","slug":"calendrier","status":"publish","type":"page","link":"https:\/\/action-allaitement67.fr\/?page_id=106","title":{"rendered":"Calendrier mensuel des permanences t\u00e9l\u00e9phoniques et des rencontres"},"content":{"rendered":"<p style=\"margin-bottom: 0.0001pt; text-align: justify;\"><img decoding=\"async\" loading=\"lazy\" class=\"art-lightbox\" style=\"float: left; margin: 3px 19px 0px 18px;\" src=\"http:\/\/action-allaitement67.fr\/wp-content\/uploads\/2017\/07\/phoneClock.png\" alt=\"\" width=\"167\" height=\"157\" \/><span style=\"background-color: white;\">Une \u00e9quipe d&rsquo;Action pour\u00a0 l&rsquo;Allaitement se relaie sur la\u00a0semaine, en journ\u00e9e et en soir\u00e9e, pour vous \u00e9couter et vous r\u00e9pondre.<\/span><\/p>\n<p style=\"margin-bottom: 0.0001pt; text-align: justify;\"><span style=\"background-color: white;\">Ces \u00e9changes se d\u00e9roulent dans le respect de\u00a0l\u2019anonymat.<\/span><\/p>\n<p style=\"margin-bottom: 0.0001pt; text-align: justify;\"><span style=\"background-color: white;\">Pour obtenir le num\u00e9ro de la maman qui assure la\u00a0permanence, consulter l&rsquo;agenda ci-dessous, cat\u00e9gorie : \u00ab\u00a0permanences t\u00e9l\u00e9phonique\u00a0\u00bb\u00a0 en cliquant sur le bouton calendrier.<\/span><\/p>\n<p style=\"margin-bottom: 0.0001pt; text-align: justify;\"><span style=\"background-color: white;\">En cas d&rsquo;appel hors des cr\u00e9neaux propos\u00e9s et assur\u00e9s\u00a0en direct, vous avez la possibilit\u00e9 de d\u00e9poser un message sur un r\u00e9pondeur\u00a0t\u00e9l\u00e9phonique, au num\u00e9ro 03 88 27 31 72.<\/span><\/p>\n<p style=\"margin-bottom: 0.0001pt; text-align: justify;\"><span style=\"background-color: white;\">Vous serez rappel\u00e9 par un membre d\u2019Action pour\u00a0l\u2019Allaitement dans un d\u00e9lai de moins de 24 h.<\/span><\/p>\n<p>Pour les rencontres avec un des membres d&rsquo;\u00a0 Action pour l&rsquo;allaitement, choisir la cat\u00e9gorie : \u00ab\u00a0nos rencontres\u00a0\u00bb dans \u00a0l&rsquo; agenda ci-dessous en cliquant sur le bouton calendrier..<\/p>\n<p>&nbsp;<\/p>\n","protected":false},"excerpt":{"rendered":"<p>Une \u00e9quipe d&rsquo;Action pour\u00a0 l&rsquo;Allaitement se relaie sur la\u00a0semaine, en journ\u00e9e et en soir\u00e9e, pour vous \u00e9couter et vous r\u00e9pondre. Ces \u00e9changes se d\u00e9roulent dans le respect de\u00a0l\u2019anonymat. Pour obtenir le num\u00e9ro de la maman qui assure la\u00a0permanence, consulter l&rsquo;agenda ci-dessous, cat\u00e9gorie : \u00ab\u00a0permanences t\u00e9l\u00e9phonique\u00a0\u00bb\u00a0 en cliquant sur le bouton calendrier. En cas d&rsquo;appel hors [&hellip;]<\/p>\n","protected":false},"author":1,"featured_media":0,"parent":0,"menu_order":6,"comment_status":"closed","ping_status":"closed","template":"","meta":{"footnotes":""},"_links":{"self":[{"href":"https:\/\/action-allaitement67.fr\/index.php?rest_route=\/wp\/v2\/pages\/106"}],"collection":[{"href":"https:\/\/action-allaitement67.fr\/index.php?rest_route=\/wp\/v2\/pages"}],"about":[{"href":"https:\/\/action-allaitement67.fr\/index.php?rest_route=\/wp\/v2\/types\/page"}],"author":[{"embeddable":true,"href":"https:\/\/action-allaitement67.fr\/index.php?rest_route=\/wp\/v2\/users\/1"}],"replies":[{"embeddable":true,"href":"https:\/\/action-allaitement67.fr\/index.php?rest_route=%2Fwp%2Fv2%2Fcomments&post=106"}],"version-history":[{"count":9,"href":"https:\/\/action-allaitement67.fr\/index.php?rest_route=\/wp\/v2\/pages\/106\/revisions"}],"predecessor-version":[{"id":525,"href":"https:\/\/action-allaitement67.fr\/index.php?rest_route=\/wp\/v2\/pages\/106\/revisions\/525"}],"wp:attachment":[{"href":"https:\/\/action-allaitement67.fr\/index.php?rest_route=%2Fwp%2Fv2%2Fmedia&parent=106"}],"curies":[{"name":"wp","href":"https:\/\/api.w.org\/{rel}","templated":true}]}}