{"id":105,"date":"2017-07-06T15:30:52","date_gmt":"2017-07-06T13:30:52","guid":{"rendered":"http:\/\/action-allaitement67.fr\/?page_id=105"},"modified":"2018-03-09T11:59:38","modified_gmt":"2018-03-09T10:59:38","slug":"notre-guide","status":"publish","type":"page","link":"https:\/\/action-allaitement67.fr\/?page_id=105","title":{"rendered":"GUIDE DE L\u2019ALLAITEMENT et du SEVRAGE"},"content":{"rendered":"<p style=\"margin-bottom: 0.0001pt; line-height: normal; text-align: justify;\"><img decoding=\"async\" loading=\"lazy\" class=\"art-lightbox\" style=\"float: left; margin-top: 8px; margin-right: 21px; margin-left: 9px;\" src=\"http:\/\/action-allaitement67.fr\/wp-content\/uploads\/2017\/07\/guideapa053.jpg\" alt=\"\" width=\"113\" height=\"167\" \/><span style=\"background: white;\">Cet ouvrage a \u00e9t\u00e9 co-\u00e9crit par Pascale Walter et\u00a0Action pour l\u2019Allaitement, pr\u00e9fac\u00e9 par le Docteur Aldo Naouri,\u00a0avec un\u00a0avant-propos du Professeur Jean Messer.<\/span><\/p>\n<p style=\"margin-bottom: 0.0001pt; line-height: normal; text-align: justify;\"><span style=\"background: white;\">Le livre, <span style=\"color: black;\">illus<\/span>tr\u00e9 par l\u2019auteur<\/span>e, est le fruit d\u2019un\u00a0dialogue entre mamans et professionnels de sant\u00e9.<\/p>\n<p style=\"margin-bottom: 0.0001pt; line-height: normal; text-align: justify;\">Cet\u00a0ouvrage s\u2019adresse aux parents qui cherchent de bons conseils pour r\u00e9ussir leur\u00a0allaitement, de la maternit\u00e9 \u00e0 la maison\u00a0: c\u2019est un outil de base pr\u00e9cieux\u00a0pour comprendre, pratiquer et quitter le monde bienheureux des t\u00e9t\u00e9es.<\/p>\n<p style=\"margin-bottom: 0.0001pt; line-height: normal; text-align: justify;\">Le GUIDE\u00a0DE L\u2019ALLAITEMENT et du SEVRAGE est disponible par correspondance\u00a0: \u00e0\u00a0commander \u00e0 Action pour l\u2019Allaitement au prix de 10 \u20ac + 4 \u20ac (frais de port)<\/p>\n<p>&nbsp;<\/p>\n<p style=\"margin-bottom: 0.0001pt; line-height: normal; text-align: justify;\">Adresse\u00a0:<br \/>\n8 rue de la Rotonde 67200 Strasbourg<\/p>\n<p style=\"margin-bottom: 0.0001pt; line-height: normal; text-align: justify;\">T\u00e9l\u00e9phone\u00a0:<br \/>\n03 88 27 31 72<\/p>\n","protected":false},"excerpt":{"rendered":"<p>Cet ouvrage a \u00e9t\u00e9 co-\u00e9crit par Pascale Walter et\u00a0Action pour l\u2019Allaitement, pr\u00e9fac\u00e9 par le Docteur Aldo Naouri,\u00a0avec un\u00a0avant-propos du Professeur Jean Messer. Le livre, illustr\u00e9 par l\u2019auteure, est le fruit d\u2019un\u00a0dialogue entre mamans et professionnels de sant\u00e9. Cet\u00a0ouvrage s\u2019adresse aux parents qui cherchent de bons conseils pour r\u00e9ussir leur\u00a0allaitement, de la maternit\u00e9 \u00e0 la maison\u00a0: [&hellip;]<\/p>\n","protected":false},"author":1,"featured_media":0,"parent":102,"menu_order":5,"comment_status":"closed","ping_status":"closed","template":"","meta":{"footnotes":""},"_links":{"self":[{"href":"https:\/\/action-allaitement67.fr\/index.php?rest_route=\/wp\/v2\/pages\/105"}],"collection":[{"href":"https:\/\/action-allaitement67.fr\/index.php?rest_route=\/wp\/v2\/pages"}],"about":[{"href":"https:\/\/action-allaitement67.fr\/index.php?rest_route=\/wp\/v2\/types\/page"}],"author":[{"embeddable":true,"href":"https:\/\/action-allaitement67.fr\/index.php?rest_route=\/wp\/v2\/users\/1"}],"replies":[{"embeddable":true,"href":"https:\/\/action-allaitement67.fr\/index.php?rest_route=%2Fwp%2Fv2%2Fcomments&post=105"}],"version-history":[{"count":2,"href":"https:\/\/action-allaitement67.fr\/index.php?rest_route=\/wp\/v2\/pages\/105\/revisions"}],"predecessor-version":[{"id":410,"href":"https:\/\/action-allaitement67.fr\/index.php?rest_route=\/wp\/v2\/pages\/105\/revisions\/410"}],"up":[{"embeddable":true,"href":"https:\/\/action-allaitement67.fr\/index.php?rest_route=\/wp\/v2\/pages\/102"}],"wp:attachment":[{"href":"https:\/\/action-allaitement67.fr\/index.php?rest_route=%2Fwp%2Fv2%2Fmedia&parent=105"}],"curies":[{"name":"wp","href":"https:\/\/api.w.org\/{rel}","templated":true}]}}